{"id":2298,"date":"2023-05-12T10:41:35","date_gmt":"2023-05-12T08:41:35","guid":{"rendered":"https:\/\/fundaciojoanoro.org\/joan-oro-florensa\/"},"modified":"2025-02-28T10:20:01","modified_gmt":"2025-02-28T08:20:01","slug":"joan-oro-florensa","status":"publish","type":"page","link":"https:\/\/fundaciojoanoro.org\/es\/joan-oro-florensa\/","title":{"rendered":"Joan Or\u00f3 Florensa"},"content":{"rendered":"\t\t<div data-elementor-type=\"wp-page\" data-elementor-id=\"2298\" class=\"elementor elementor-2298 elementor-1159\" data-elementor-post-type=\"page\">\n\t\t\t\t\t\t<section class=\"elementor-section elementor-top-section elementor-element elementor-element-367c86f elementor-section-height-min-height elementor-section-boxed elementor-section-height-default elementor-section-items-middle\" data-id=\"367c86f\" data-element_type=\"section\" data-settings=\"{&quot;background_background&quot;:&quot;classic&quot;}\">\n\t\t\t\t\t\t\t<div class=\"elementor-background-overlay\"><\/div>\n\t\t\t\t\t\t\t<div class=\"elementor-container elementor-column-gap-default\">\n\t\t\t\t\t<div class=\"elementor-column elementor-col-100 elementor-top-column elementor-element elementor-element-1f05781\" data-id=\"1f05781\" data-element_type=\"column\">\n\t\t\t<div class=\"elementor-widget-wrap elementor-element-populated\">\n\t\t\t\t\t\t<div class=\"elementor-element elementor-element-0b5e7c4 elementor-widget__width-initial elementor-widget elementor-widget-heading\" data-id=\"0b5e7c4\" data-element_type=\"widget\" data-widget_type=\"heading.default\">\n\t\t\t\t<div class=\"elementor-widget-container\">\n\t\t\t\t\t<h3 class=\"elementor-heading-title elementor-size-default\">El cient\u00edfico de la vida<\/h3>\t\t\t\t<\/div>\n\t\t\t\t<\/div>\n\t\t\t\t\t<\/div>\n\t\t<\/div>\n\t\t\t\t\t<\/div>\n\t\t<\/section>\n\t\t\t\t<section class=\"elementor-section elementor-top-section elementor-element elementor-element-666d982 elementor-section-full_width elementor-section-height-default elementor-section-height-default\" data-id=\"666d982\" data-element_type=\"section\" id=\"biografia\">\n\t\t\t\t\t\t\t<div class=\"elementor-background-overlay\"><\/div>\n\t\t\t\t\t\t\t<div class=\"elementor-container elementor-column-gap-wider\">\n\t\t\t\t\t<div class=\"elementor-column elementor-col-50 elementor-top-column elementor-element elementor-element-7acf644\" data-id=\"7acf644\" data-element_type=\"column\" data-settings=\"{&quot;background_background&quot;:&quot;classic&quot;}\">\n\t\t\t<div class=\"elementor-widget-wrap elementor-element-populated\">\n\t\t\t\t\t<div class=\"elementor-background-overlay\"><\/div>\n\t\t\t\t\t\t<section class=\"elementor-section elementor-inner-section elementor-element elementor-element-f0814fd elementor-section-boxed elementor-section-height-default elementor-section-height-default\" data-id=\"f0814fd\" data-element_type=\"section\" data-settings=\"{&quot;sticky_on&quot;:[&quot;desktop&quot;,&quot;tablet&quot;],&quot;sticky_offset&quot;:55,&quot;sticky_parent&quot;:&quot;yes&quot;,&quot;sticky&quot;:&quot;top&quot;,&quot;sticky_effects_offset&quot;:55,&quot;sticky_anchor_link_offset&quot;:0}\">\n\t\t\t\t\t\t<div class=\"elementor-container elementor-column-gap-default\">\n\t\t\t\t\t<div class=\"elementor-column elementor-col-50 elementor-inner-column elementor-element elementor-element-a898764 elementor-hidden-mobile\" data-id=\"a898764\" data-element_type=\"column\">\n\t\t\t<div class=\"elementor-widget-wrap elementor-element-populated\">\n\t\t\t\t\t\t<div class=\"elementor-element elementor-element-50f2007 elementor-widget__width-initial e-transform elementor-hidden-mobile elementor-widget elementor-widget-heading\" data-id=\"50f2007\" data-element_type=\"widget\" data-settings=\"{&quot;_transform_rotateZ_effect&quot;:{&quot;unit&quot;:&quot;px&quot;,&quot;size&quot;:-90,&quot;sizes&quot;:[]},&quot;_transform_rotateZ_effect_tablet&quot;:{&quot;unit&quot;:&quot;deg&quot;,&quot;size&quot;:&quot;&quot;,&quot;sizes&quot;:[]},&quot;_transform_rotateZ_effect_mobile&quot;:{&quot;unit&quot;:&quot;deg&quot;,&quot;size&quot;:&quot;&quot;,&quot;sizes&quot;:[]}}\" data-widget_type=\"heading.default\">\n\t\t\t\t<div class=\"elementor-widget-container\">\n\t\t\t\t\t<h3 class=\"elementor-heading-title elementor-size-default\">Biograf\u00eda<\/h3>\t\t\t\t<\/div>\n\t\t\t\t<\/div>\n\t\t\t\t\t<\/div>\n\t\t<\/div>\n\t\t\t\t<div class=\"elementor-column elementor-col-50 elementor-inner-column elementor-element elementor-element-407a99f\" data-id=\"407a99f\" data-element_type=\"column\">\n\t\t\t<div class=\"elementor-widget-wrap elementor-element-populated\">\n\t\t\t\t\t\t<div class=\"elementor-element elementor-element-2986f4f animated-fast elementor-invisible elementor-widget elementor-widget-heading\" data-id=\"2986f4f\" data-element_type=\"widget\" data-settings=\"{&quot;_animation&quot;:&quot;fadeInUp&quot;}\" data-widget_type=\"heading.default\">\n\t\t\t\t<div class=\"elementor-widget-container\">\n\t\t\t\t\t<h2 class=\"elementor-heading-title elementor-size-default\">La figura de Joan Or\u00f3 Florensa<\/h2>\t\t\t\t<\/div>\n\t\t\t\t<\/div>\n\t\t\t\t<div class=\"elementor-element elementor-element-7bf24c2 elementor-invisible elementor-widget elementor-widget-text-editor\" data-id=\"7bf24c2\" data-element_type=\"widget\" data-settings=\"{&quot;_animation&quot;:&quot;fadeIn&quot;}\" data-widget_type=\"text-editor.default\">\n\t\t\t\t<div class=\"elementor-widget-container\">\n\t\t\t\t\t\t\t\t\t<p>Fue un bioqu\u00edmico catal\u00e1n, cuyos estudios han sido claves para entender el origen de la vida en nuestro planeta.<\/p>\n\t\t\t\t\t\t\t\t<\/div>\n\t\t\t\t<\/div>\n\t\t\t\t<div class=\"elementor-element elementor-element-737aee9 elementor-widget-mobile__width-auto elementor-hidden-mobile elementor-widget-divider--view-line elementor-invisible elementor-widget elementor-widget-divider\" data-id=\"737aee9\" data-element_type=\"widget\" data-settings=\"{&quot;_animation&quot;:&quot;fadeInUp&quot;}\" data-widget_type=\"divider.default\">\n\t\t\t\t<div class=\"elementor-widget-container\">\n\t\t\t\t\t\t\t<div class=\"elementor-divider\">\n\t\t\t<span class=\"elementor-divider-separator\">\n\t\t\t\t\t\t<\/span>\n\t\t<\/div>\n\t\t\t\t\t\t<\/div>\n\t\t\t\t<\/div>\n\t\t\t\t<div class=\"elementor-element elementor-element-5ef78c0 elementor-hidden-mobile elementor-align-right elementor-widget elementor-widget-button\" data-id=\"5ef78c0\" data-element_type=\"widget\" data-widget_type=\"button.default\">\n\t\t\t\t<div class=\"elementor-widget-container\">\n\t\t\t\t\t\t\t\t\t<div class=\"elementor-button-wrapper\">\n\t\t\t\t\t<a class=\"elementor-button elementor-button-link elementor-size-sm\" href=\"#\">\n\t\t\t\t\t\t<span class=\"elementor-button-content-wrapper\">\n\t\t\t\t\t\t\t\t\t<span class=\"elementor-button-text\">Leer m\u00e1s<\/span>\n\t\t\t\t\t<\/span>\n\t\t\t\t\t<\/a>\n\t\t\t\t<\/div>\n\t\t\t\t\t\t\t\t<\/div>\n\t\t\t\t<\/div>\n\t\t\t\t<div class=\"elementor-element elementor-element-05d0d69 elementor-widget__width-auto e-transform elementor-hidden-desktop elementor-hidden-tablet elementor-widget elementor-widget-heading\" data-id=\"05d0d69\" data-element_type=\"widget\" data-settings=\"{&quot;_transform_rotateZ_effect&quot;:{&quot;unit&quot;:&quot;px&quot;,&quot;size&quot;:-90,&quot;sizes&quot;:[]},&quot;_transform_rotateZ_effect_tablet&quot;:{&quot;unit&quot;:&quot;deg&quot;,&quot;size&quot;:&quot;&quot;,&quot;sizes&quot;:[]},&quot;_transform_rotateZ_effect_mobile&quot;:{&quot;unit&quot;:&quot;deg&quot;,&quot;size&quot;:&quot;&quot;,&quot;sizes&quot;:[]}}\" data-widget_type=\"heading.default\">\n\t\t\t\t<div class=\"elementor-widget-container\">\n\t\t\t\t\t<h3 class=\"elementor-heading-title elementor-size-default\">Biograf\u00eda<\/h3>\t\t\t\t<\/div>\n\t\t\t\t<\/div>\n\t\t\t\t<div class=\"elementor-element elementor-element-03e4526 elementor-widget-mobile__width-auto elementor-hidden-desktop elementor-hidden-tablet elementor-widget-divider--view-line elementor-widget elementor-widget-divider\" data-id=\"03e4526\" data-element_type=\"widget\" data-widget_type=\"divider.default\">\n\t\t\t\t<div class=\"elementor-widget-container\">\n\t\t\t\t\t\t\t<div class=\"elementor-divider\">\n\t\t\t<span class=\"elementor-divider-separator\">\n\t\t\t\t\t\t<\/span>\n\t\t<\/div>\n\t\t\t\t\t\t<\/div>\n\t\t\t\t<\/div>\n\t\t\t\t\t<\/div>\n\t\t<\/div>\n\t\t\t\t\t<\/div>\n\t\t<\/section>\n\t\t\t\t\t<\/div>\n\t\t<\/div>\n\t\t\t\t<div class=\"elementor-column elementor-col-50 elementor-top-column elementor-element elementor-element-2852165\" data-id=\"2852165\" data-element_type=\"column\">\n\t\t\t<div class=\"elementor-widget-wrap elementor-element-populated\">\n\t\t\t\t\t\t<section class=\"elementor-section elementor-inner-section elementor-element elementor-element-387d002 elementor-section-boxed elementor-section-height-default elementor-section-height-default\" data-id=\"387d002\" data-element_type=\"section\">\n\t\t\t\t\t\t<div class=\"elementor-container elementor-column-gap-default\">\n\t\t\t\t\t<div class=\"elementor-column elementor-col-100 elementor-inner-column elementor-element elementor-element-4771e6a\" data-id=\"4771e6a\" data-element_type=\"column\">\n\t\t\t<div class=\"elementor-widget-wrap elementor-element-populated\">\n\t\t\t\t\t\t<div class=\"elementor-element elementor-element-c344c4c elementor-invisible elementor-widget elementor-widget-text-editor\" data-id=\"c344c4c\" data-element_type=\"widget\" data-settings=\"{&quot;_animation&quot;:&quot;fadeIn&quot;}\" data-widget_type=\"text-editor.default\">\n\t\t\t\t<div class=\"elementor-widget-container\">\n\t\t\t\t\t\t\t\t\t<p>Joan Or\u00f3 Florensa naci\u00f3 el 26 de octubre de 1923 en La Guingueta, Lleida. Hijo de una familia de panaderos, desde peque\u00f1o se mostr\u00f3 interesado por el papel de la humanidad en el universo. Se licenci\u00f3 en Ciencias Qu\u00edmicas en la Universidad de Barcelona en 1947. En 1952 emigr\u00f3 a los Estados Unidos y en 1956 se doctor\u00f3 en bioqu\u00edmica en el Baylor College of Medicine de Houston. En 1955 ingres\u00f3 en la Universidad de Houston, y en 1963 fue nombrado catedr\u00e1tico. Su tesis doctoral estudiaba el metabolismo del \u00e1cido f\u00f3rmico en los tejidos animales.     <\/p>\n\t\t\t\t\t\t\t\t<\/div>\n\t\t\t\t<\/div>\n\t\t\t\t<div class=\"elementor-element elementor-element-8f5ebbb elementor-widget-divider--view-line elementor-widget elementor-widget-divider\" data-id=\"8f5ebbb\" data-element_type=\"widget\" data-widget_type=\"divider.default\">\n\t\t\t\t<div class=\"elementor-widget-container\">\n\t\t\t\t\t\t\t<div class=\"elementor-divider\">\n\t\t\t<span class=\"elementor-divider-separator\">\n\t\t\t\t\t\t<\/span>\n\t\t<\/div>\n\t\t\t\t\t\t<\/div>\n\t\t\t\t<\/div>\n\t\t\t\t<div class=\"elementor-element elementor-element-44f8b61 elementor-invisible elementor-widget elementor-widget-text-editor\" data-id=\"44f8b61\" data-element_type=\"widget\" data-settings=\"{&quot;_animation&quot;:&quot;fadeIn&quot;}\" data-widget_type=\"text-editor.default\">\n\t\t\t\t<div class=\"elementor-widget-container\">\n\t\t\t\t\t\t\t\t\t<p>Una de sus contribuciones m\u00e1s importantes fue en 1959, cuando consigui\u00f3 sintetizar adenina, un componente de los \u00e1cidos nucleicos, mol\u00e9culas transmisoras de la herencia biol\u00f3gica a partir de \u00e1cido cianh\u00eddrico y amon\u00edaco en una soluci\u00f3n acuosa.<\/p>\n\t\t\t\t\t\t\t\t<\/div>\n\t\t\t\t<\/div>\n\t\t\t\t<div class=\"elementor-element elementor-element-91a4227 elementor-widget-divider--view-line elementor-widget elementor-widget-divider\" data-id=\"91a4227\" data-element_type=\"widget\" data-widget_type=\"divider.default\">\n\t\t\t\t<div class=\"elementor-widget-container\">\n\t\t\t\t\t\t\t<div class=\"elementor-divider\">\n\t\t\t<span class=\"elementor-divider-separator\">\n\t\t\t\t\t\t<\/span>\n\t\t<\/div>\n\t\t\t\t\t\t<\/div>\n\t\t\t\t<\/div>\n\t\t\t\t<div class=\"elementor-element elementor-element-0a6279a elementor-invisible elementor-widget elementor-widget-text-editor\" data-id=\"0a6279a\" data-element_type=\"widget\" data-settings=\"{&quot;_animation&quot;:&quot;fadeIn&quot;}\" data-widget_type=\"text-editor.default\">\n\t\t\t\t<div class=\"elementor-widget-container\">\n\t\t\t\t\t\t\t\t\t<p>A partir de 1963 colabor\u00f3 en diversos proyectos de investigaci\u00f3n espacial de la NASA, como el proyecto Apolo para el an\u00e1lisis de las rocas y otras muestras de material de la Luna, y el programa Viking para el desarrollo de un instrumento para el an\u00e1lisis molecular de la atm\u00f3sfera y la materia de la superficie del planeta Marte.<\/p>\n\t\t\t\t\t\t\t\t<\/div>\n\t\t\t\t<\/div>\n\t\t\t\t<div class=\"elementor-element elementor-element-9c7142c elementor-widget-divider--view-line elementor-widget elementor-widget-divider\" data-id=\"9c7142c\" data-element_type=\"widget\" data-widget_type=\"divider.default\">\n\t\t\t\t<div class=\"elementor-widget-container\">\n\t\t\t\t\t\t\t<div class=\"elementor-divider\">\n\t\t\t<span class=\"elementor-divider-separator\">\n\t\t\t\t\t\t<\/span>\n\t\t<\/div>\n\t\t\t\t\t\t<\/div>\n\t\t\t\t<\/div>\n\t\t\t\t<div class=\"elementor-element elementor-element-28eab23 elementor-invisible elementor-widget elementor-widget-text-editor\" data-id=\"28eab23\" data-element_type=\"widget\" data-settings=\"{&quot;_animation&quot;:&quot;fadeIn&quot;}\" data-widget_type=\"text-editor.default\">\n\t\t\t\t<div class=\"elementor-widget-container\">\n\t\t\t\t\t\t\t\t\t<p>Regres\u00f3 a Catalu\u00f1a en el a\u00f1o 1980 para colaborar en los nuevos planes de desarrollo energ\u00e9tico y el estudio de fuentes alternativas de energ\u00eda. Fue diputado de CiU por Lleida en el Parlamento de Catalu\u00f1a (1980-1981) y asesor en temas cient\u00edficos del presidente de la Generalidad. Las condiciones que el pa\u00eds le ofrec\u00eda no le permit\u00edan hacer una b\u00fasqueda de calidad y regres\u00f3 a Houston, hasta la jubilaci\u00f3n, en 1994.  <\/p>\n\t\t\t\t\t\t\t\t<\/div>\n\t\t\t\t<\/div>\n\t\t\t\t<div class=\"elementor-element elementor-element-bed1951 elementor-widget-divider--view-line elementor-widget elementor-widget-divider\" data-id=\"bed1951\" data-element_type=\"widget\" data-widget_type=\"divider.default\">\n\t\t\t\t<div class=\"elementor-widget-container\">\n\t\t\t\t\t\t\t<div class=\"elementor-divider\">\n\t\t\t<span class=\"elementor-divider-separator\">\n\t\t\t\t\t\t<\/span>\n\t\t<\/div>\n\t\t\t\t\t\t<\/div>\n\t\t\t\t<\/div>\n\t\t\t\t<div class=\"elementor-element elementor-element-574ef25 elementor-invisible elementor-widget elementor-widget-text-editor\" data-id=\"574ef25\" data-element_type=\"widget\" data-settings=\"{&quot;_animation&quot;:&quot;fadeIn&quot;}\" data-widget_type=\"text-editor.default\">\n\t\t\t\t<div class=\"elementor-widget-container\">\n\t\t\t\t\t\t\t\t\t<div class=\"et_pb_section et_pb_section_2 et_section_regular\">\n<div class=\"et_pb_row et_pb_row_1\">\n<div class=\"et_pb_column et_pb_column_4_4 et_pb_column_1 et_pb_css_mix_blend_mode_passthrough et-last-child\">\n<div class=\"et_pb_module et_pb_text et_pb_text_2 et_pb_text_align_justified et_pb_bg_layout_light\">\n<div class=\"et_pb_text_inner\">\n<p>Muri\u00f3 en Barcelona el 2 de septiembre de 2004. Incinerado en el Cementerio de Montju\u00efc, las cenizas fueron llevadas al cementerio de Lleida. <\/p>\n<\/div>\n<\/div>\n<\/div>\n<\/div>\n<\/div>\n\t\t\t\t\t\t\t\t<\/div>\n\t\t\t\t<\/div>\n\t\t\t\t\t<\/div>\n\t\t<\/div>\n\t\t\t\t\t<\/div>\n\t\t<\/section>\n\t\t\t\t\t<\/div>\n\t\t<\/div>\n\t\t\t\t\t<\/div>\n\t\t<\/section>\n\t\t\t\t<section class=\"elementor-section elementor-top-section elementor-element elementor-element-4c13eaf elementor-section-full_width elementor-section-height-default elementor-section-height-default\" data-id=\"4c13eaf\" data-element_type=\"section\" id=\"obra\">\n\t\t\t\t\t\t\t<div class=\"elementor-background-overlay\"><\/div>\n\t\t\t\t\t\t\t<div class=\"elementor-container elementor-column-gap-wider\">\n\t\t\t\t\t<div class=\"elementor-column elementor-col-50 elementor-top-column elementor-element elementor-element-ac36f6e\" data-id=\"ac36f6e\" data-element_type=\"column\">\n\t\t\t<div class=\"elementor-widget-wrap elementor-element-populated\">\n\t\t\t\t\t<div class=\"elementor-background-overlay\"><\/div>\n\t\t\t\t\t\t<section class=\"elementor-section elementor-inner-section elementor-element elementor-element-06aae7c elementor-section-boxed elementor-section-height-default elementor-section-height-default\" data-id=\"06aae7c\" data-element_type=\"section\">\n\t\t\t\t\t\t<div class=\"elementor-container elementor-column-gap-default\">\n\t\t\t\t\t<div class=\"elementor-column elementor-col-50 elementor-inner-column elementor-element elementor-element-1592857 elementor-hidden-mobile\" data-id=\"1592857\" data-element_type=\"column\">\n\t\t\t<div class=\"elementor-widget-wrap elementor-element-populated\">\n\t\t\t\t\t\t<div class=\"elementor-element elementor-element-e4b87be elementor-widget__width-initial e-transform elementor-hidden-mobile elementor-widget elementor-widget-heading\" data-id=\"e4b87be\" data-element_type=\"widget\" data-settings=\"{&quot;_transform_rotateZ_effect&quot;:{&quot;unit&quot;:&quot;px&quot;,&quot;size&quot;:-90,&quot;sizes&quot;:[]},&quot;_transform_rotateZ_effect_tablet&quot;:{&quot;unit&quot;:&quot;deg&quot;,&quot;size&quot;:&quot;&quot;,&quot;sizes&quot;:[]},&quot;_transform_rotateZ_effect_mobile&quot;:{&quot;unit&quot;:&quot;deg&quot;,&quot;size&quot;:&quot;&quot;,&quot;sizes&quot;:[]}}\" data-widget_type=\"heading.default\">\n\t\t\t\t<div class=\"elementor-widget-container\">\n\t\t\t\t\t<h3 class=\"elementor-heading-title elementor-size-default\">Cronolog\u00eda<\/h3>\t\t\t\t<\/div>\n\t\t\t\t<\/div>\n\t\t\t\t\t<\/div>\n\t\t<\/div>\n\t\t\t\t<div class=\"elementor-column elementor-col-50 elementor-inner-column elementor-element elementor-element-146c57c\" data-id=\"146c57c\" data-element_type=\"column\">\n\t\t\t<div class=\"elementor-widget-wrap elementor-element-populated\">\n\t\t\t\t\t\t<div class=\"elementor-element elementor-element-67e3cd2 animated-fast elementor-invisible elementor-widget elementor-widget-heading\" data-id=\"67e3cd2\" data-element_type=\"widget\" data-settings=\"{&quot;_animation&quot;:&quot;fadeInUp&quot;}\" data-widget_type=\"heading.default\">\n\t\t\t\t<div class=\"elementor-widget-container\">\n\t\t\t\t\t<h2 class=\"elementor-heading-title elementor-size-default\">Cronolog\u00eda<\/h2>\t\t\t\t<\/div>\n\t\t\t\t<\/div>\n\t\t\t\t<div class=\"elementor-element elementor-element-2ce41cb elementor-invisible elementor-widget elementor-widget-text-editor\" data-id=\"2ce41cb\" data-element_type=\"widget\" data-settings=\"{&quot;_animation&quot;:&quot;fadeIn&quot;}\" data-widget_type=\"text-editor.default\">\n\t\t\t\t<div class=\"elementor-widget-container\">\n\t\t\t\t\t\t\t\t\t<p>Joan Or\u00f3 Florensa<\/p>\n\t\t\t\t\t\t\t\t<\/div>\n\t\t\t\t<\/div>\n\t\t\t\t<div class=\"elementor-element elementor-element-598ee90 elementor-widget__width-auto e-transform elementor-hidden-desktop elementor-hidden-tablet elementor-widget elementor-widget-heading\" data-id=\"598ee90\" data-element_type=\"widget\" data-settings=\"{&quot;_transform_rotateZ_effect&quot;:{&quot;unit&quot;:&quot;px&quot;,&quot;size&quot;:-90,&quot;sizes&quot;:[]},&quot;_transform_rotateZ_effect_tablet&quot;:{&quot;unit&quot;:&quot;deg&quot;,&quot;size&quot;:&quot;&quot;,&quot;sizes&quot;:[]},&quot;_transform_rotateZ_effect_mobile&quot;:{&quot;unit&quot;:&quot;deg&quot;,&quot;size&quot;:&quot;&quot;,&quot;sizes&quot;:[]}}\" data-widget_type=\"heading.default\">\n\t\t\t\t<div class=\"elementor-widget-container\">\n\t\t\t\t\t<h3 class=\"elementor-heading-title elementor-size-default\">Cronolog\u00eda<\/h3>\t\t\t\t<\/div>\n\t\t\t\t<\/div>\n\t\t\t\t<div class=\"elementor-element elementor-element-5adcc6a elementor-widget-mobile__width-auto elementor-hidden-desktop elementor-hidden-tablet elementor-widget-divider--view-line elementor-widget elementor-widget-divider\" data-id=\"5adcc6a\" data-element_type=\"widget\" data-widget_type=\"divider.default\">\n\t\t\t\t<div class=\"elementor-widget-container\">\n\t\t\t\t\t\t\t<div class=\"elementor-divider\">\n\t\t\t<span class=\"elementor-divider-separator\">\n\t\t\t\t\t\t<\/span>\n\t\t<\/div>\n\t\t\t\t\t\t<\/div>\n\t\t\t\t<\/div>\n\t\t\t\t\t<\/div>\n\t\t<\/div>\n\t\t\t\t\t<\/div>\n\t\t<\/section>\n\t\t\t\t\t<\/div>\n\t\t<\/div>\n\t\t\t\t<div class=\"elementor-column elementor-col-50 elementor-top-column elementor-element elementor-element-7b91580\" data-id=\"7b91580\" data-element_type=\"column\">\n\t\t\t<div class=\"elementor-widget-wrap elementor-element-populated\">\n\t\t\t\t\t\t<section class=\"elementor-section elementor-inner-section elementor-element elementor-element-9c68a57 elementor-section-boxed elementor-section-height-default elementor-section-height-default\" data-id=\"9c68a57\" data-element_type=\"section\">\n\t\t\t\t\t\t<div class=\"elementor-container elementor-column-gap-default\">\n\t\t\t\t\t<div class=\"elementor-column elementor-col-100 elementor-inner-column elementor-element elementor-element-5bb9137\" data-id=\"5bb9137\" data-element_type=\"column\">\n\t\t\t<div class=\"elementor-widget-wrap\">\n\t\t\t\t\t\t\t<\/div>\n\t\t<\/div>\n\t\t\t\t\t<\/div>\n\t\t<\/section>\n\t\t\t\t\t<\/div>\n\t\t<\/div>\n\t\t\t\t\t<\/div>\n\t\t<\/section>\n\t\t\t\t<section class=\"elementor-section elementor-top-section elementor-element elementor-element-64c874b elementor-section-full_width elementor-section-height-default elementor-section-height-default\" data-id=\"64c874b\" data-element_type=\"section\">\n\t\t\t\t\t\t<div class=\"elementor-container elementor-column-gap-default\">\n\t\t\t\t\t<div class=\"elementor-column elementor-col-100 elementor-top-column elementor-element elementor-element-6aa4a0b\" data-id=\"6aa4a0b\" data-element_type=\"column\">\n\t\t\t<div class=\"elementor-widget-wrap elementor-element-populated\">\n\t\t\t\t\t\t<div class=\"elementor-element elementor-element-a1177c1 elementor-widget elementor-widget-timeline-widget-addon\" data-id=\"a1177c1\" data-element_type=\"widget\" data-widget_type=\"timeline-widget-addon.default\">\n\t\t\t\t<div class=\"elementor-widget-container\">\n\t\t\t\t\t<!-- ========= Timeline Widget  Addon For Elementor 1.6.6 ========= -->\n<div id=\"twae-wrapper-a1177c1\" class=\"twae-wrapper twae-horizontal-timeline\">\n<div class=\"twae-wrapper-inside\">\n <div id=\"twae-slider-container-a1177c1\" data-dir=\"\" data-slidestoshow=\"5\" data-autoplay=\"false\" data-auto-height=\"true\" class=\"twae-slider-container swiper-container\">\n <div  class=\"twae-slider-wrapper swiper-wrapper no-height\"><!-- Start of Story Repeater Content --><div id=\"twae-article-1abbfbf\" class=\"twae-repeater-item twae-story swiper-slide twae-story-no-icon\"><!-- Story Label --><div class=\"twae-labels\"><div class=\"twae-label-big\">1923<\/div><\/div><!-- Story Icon Dot --><div class=\"twae-icondot\"><\/div><!-- Story Arrow --><div class=\"twae-arrow\"><\/div><!-- Start of Story Content --><div class=\"twae-content\"><!-- Story Description --><div class=\"twae-description\"><p>Naci\u00f3 en el barrio de la Bordeta en Lleida el 26 de octubre.<\/p>\n<\/div><\/div><\/div><!-- Start of Story Repeater Content --><div id=\"twae-article-af1195a\" class=\"twae-repeater-item twae-story swiper-slide twae-story-no-icon\"><!-- Story Label --><div class=\"twae-labels\"><div class=\"twae-label-big twae-label-big\">1928<\/div><\/div><!-- Story Icon Dot --><div class=\"twae-icondot\"><\/div><!-- Story Arrow --><div class=\"twae-arrow\"><\/div><!-- Start of Story Content --><div class=\"twae-content\"><!-- Story Description --><div class=\"twae-description twae-description\"><p>Empieza a estudiar primaria en los Hermanos Maristas.<\/p>\n<\/div><\/div><\/div><!-- Start of Story Repeater Content --><div id=\"twae-article-79bb2e4\" class=\"twae-repeater-item twae-story swiper-slide twae-story-no-icon\"><!-- Story Label --><div class=\"twae-labels\"><div class=\"twae-label-big twae-label-big twae-label-big\">1943<\/div><\/div><!-- Story Icon Dot --><div class=\"twae-icondot\"><\/div><!-- Story Arrow --><div class=\"twae-arrow\"><\/div><!-- Start of Story Content --><div class=\"twae-content\"><!-- Story Description --><div class=\"twae-description twae-description twae-description\"><p>Empieza a estudiar Ciencias Qu\u00edmicas en Barcelona.<\/p>\n<\/div><\/div><\/div><!-- Start of Story Repeater Content --><div id=\"twae-article-1589a79\" class=\"twae-repeater-item twae-story swiper-slide twae-story-no-icon\"><!-- Story Label --><div class=\"twae-labels\"><div class=\"twae-label-big twae-label-big twae-label-big twae-label-big\">1947<\/div><\/div><!-- Story Icon Dot --><div class=\"twae-icondot\"><\/div><!-- Story Arrow --><div class=\"twae-arrow\"><\/div><!-- Start of Story Content --><div class=\"twae-content\"><!-- Story Description --><div class=\"twae-description twae-description twae-description twae-description\"><div class=\"cd-timeline-block octubre 06 1947 announcement-no-image announcement-250\">\n<div class=\"cd-timeline-content bounce-in\">\n<div class=\"the-excerpt\">\n<p>Se licencia en Ciencias Qu\u00edmicas.<\/p>\n<\/div>\n<\/div>\n<\/div>\n<\/div><\/div><\/div><!-- Start of Story Repeater Content --><div id=\"twae-article-92ef63b\" class=\"twae-repeater-item twae-story swiper-slide twae-story-no-icon\"><!-- Story Label --><div class=\"twae-labels\"><div class=\"twae-label-big twae-label-big twae-label-big twae-label-big twae-label-big\">1948<\/div><\/div><!-- Story Icon Dot --><div class=\"twae-icondot\"><\/div><!-- Story Arrow --><div class=\"twae-arrow\"><\/div><!-- Start of Story Content --><div class=\"twae-content\"><!-- Story Description --><div class=\"twae-description twae-description twae-description twae-description twae-description\"><div class=\"cd-timeline-block octubre 06 1947 announcement-no-image announcement-250\">\n<div class=\"cd-timeline-content bounce-in\">\n<div class=\"the-excerpt\">\n<p>Se casa y se establece en Lleida.<\/p>\n<\/div>\n<\/div>\n<\/div>\n<\/div><\/div><\/div><!-- Start of Story Repeater Content --><div id=\"twae-article-39f58df\" class=\"twae-repeater-item twae-story swiper-slide twae-story-no-icon\"><!-- Story Label --><div class=\"twae-labels\"><div class=\"twae-label-big twae-label-big twae-label-big twae-label-big twae-label-big twae-label-big\">1951<\/div><\/div><!-- Story Icon Dot --><div class=\"twae-icondot\"><\/div><!-- Story Arrow --><div class=\"twae-arrow\"><\/div><!-- Start of Story Content --><div class=\"twae-content\"><!-- Story Description --><div class=\"twae-description twae-description twae-description twae-description twae-description twae-description\"><div class=\"cd-timeline-block octubre 06 1947 announcement-no-image announcement-250\">\n<div class=\"cd-timeline-content bounce-in\">\n<div class=\"the-excerpt\">\n<div class=\"cd-timeline-block octubre 06 1951 announcement-no-image announcement-252\">\n<div class=\"cd-timeline-content bounce-in\">\n<div class=\"the-excerpt\">\n<p>Decide emigrar en los Estados Unidos.<\/p>\n<\/div>\n<\/div>\n<\/div>\n<\/div>\n<\/div>\n<\/div>\n<\/div><\/div><\/div><!-- Start of Story Repeater Content --><div id=\"twae-article-e19efe9\" class=\"twae-repeater-item twae-story swiper-slide twae-story-no-icon\"><!-- Story Label --><div class=\"twae-labels\"><div class=\"twae-label-big twae-label-big twae-label-big twae-label-big twae-label-big twae-label-big twae-label-big\">1954<\/div><\/div><!-- Story Icon Dot --><div class=\"twae-icondot\"><\/div><!-- Story Arrow --><div class=\"twae-arrow\"><\/div><!-- Start of Story Content --><div class=\"twae-content\"><!-- Story Description --><div class=\"twae-description twae-description twae-description twae-description twae-description twae-description twae-description\"><div class=\"cd-timeline-block octubre 06 1947 announcement-no-image announcement-250\">\n<div class=\"cd-timeline-content bounce-in\">\n<div class=\"the-excerpt\">\n<div class=\"cd-timeline-block octubre 06 1951 announcement-no-image announcement-252\">\n<div class=\"cd-timeline-content bounce-in\">\n<div class=\"the-excerpt\">\n<p>Estando becado en la Universidad de Houston, descubre el proceso de oxidaci\u00f3n del \u00e1cido f\u00f3rmico en CO\u2082, clave para entender el origen de la vida.<\/p>\n<\/div>\n<\/div>\n<\/div>\n<\/div>\n<\/div>\n<\/div>\n<\/div><\/div><\/div><!-- Start of Story Repeater Content --><div id=\"twae-article-808f393\" class=\"twae-repeater-item twae-story swiper-slide twae-story-no-icon\"><!-- Story Label --><div class=\"twae-labels\"><div class=\"twae-label-big twae-label-big twae-label-big twae-label-big twae-label-big twae-label-big twae-label-big twae-label-big\">1955<\/div><\/div><!-- Story Icon Dot --><div class=\"twae-icondot\"><\/div><!-- Story Arrow --><div class=\"twae-arrow\"><\/div><!-- Start of Story Content --><div class=\"twae-content\"><!-- Story Description --><div class=\"twae-description twae-description twae-description twae-description twae-description twae-description twae-description twae-description\"><div class=\"cd-timeline-block octubre 06 1947 announcement-no-image announcement-250\">\n<div class=\"cd-timeline-content bounce-in\">\n<div class=\"the-excerpt\">\n<div class=\"cd-timeline-block octubre 06 1951 announcement-no-image announcement-252\">\n<div class=\"cd-timeline-content bounce-in\">\n<div class=\"the-excerpt\">\n<p>Ingresa como profesor en la Universidad de Houston, de la cual fue catedr\u00e1tico desde 1963, donde fund\u00f3 y dirigi\u00f3 el Departamento de Ciencias Bioqu\u00edmicas y Biof\u00edsicas.<\/p>\n<\/div>\n<\/div>\n<\/div>\n<\/div>\n<\/div>\n<\/div>\n<\/div><\/div><\/div><!-- Start of Story Repeater Content --><div id=\"twae-article-d95c607\" class=\"twae-repeater-item twae-story swiper-slide twae-story-no-icon\"><!-- Story Label --><div class=\"twae-labels\"><div class=\"twae-label-big twae-label-big twae-label-big twae-label-big twae-label-big twae-label-big twae-label-big twae-label-big twae-label-big\">1956<\/div><\/div><!-- Story Icon Dot --><div class=\"twae-icondot\"><\/div><!-- Story Arrow --><div class=\"twae-arrow\"><\/div><!-- Start of Story Content --><div class=\"twae-content\"><!-- Story Description --><div class=\"twae-description twae-description twae-description twae-description twae-description twae-description twae-description twae-description twae-description\"><div class=\"cd-timeline-block octubre 06 1947 announcement-no-image announcement-250\">\n<div class=\"cd-timeline-content bounce-in\">\n<div class=\"the-excerpt\">\n<div class=\"cd-timeline-block octubre 06 1951 announcement-no-image announcement-252\">\n<div class=\"cd-timeline-content bounce-in\">\n<div class=\"the-excerpt\">\n<p>Se doctora en Bioqu\u00edmica en la Universidad de Houston.<\/p>\n<\/div>\n<\/div>\n<\/div>\n<\/div>\n<\/div>\n<\/div>\n<\/div><\/div><\/div><!-- Start of Story Repeater Content --><div id=\"twae-article-1f55838\" class=\"twae-repeater-item twae-story swiper-slide twae-story-no-icon\"><!-- Story Label --><div class=\"twae-labels\"><div class=\"twae-label-big twae-label-big twae-label-big twae-label-big twae-label-big twae-label-big twae-label-big twae-label-big twae-label-big twae-label-big\">1959<\/div><\/div><!-- Story Icon Dot --><div class=\"twae-icondot\"><\/div><!-- Story Arrow --><div class=\"twae-arrow\"><\/div><!-- Start of Story Content --><div class=\"twae-content\"><!-- Story Description --><div class=\"twae-description twae-description twae-description twae-description twae-description twae-description twae-description twae-description twae-description twae-description\"><div class=\"cd-timeline-block octubre 06 1947 announcement-no-image announcement-250\">\n<div class=\"cd-timeline-content bounce-in\">\n<div class=\"the-excerpt\">\n<div class=\"cd-timeline-block octubre 06 1951 announcement-no-image announcement-252\">\n<div class=\"cd-timeline-content bounce-in\">\n<div class=\"the-excerpt\">\n<p>Sintetiza la adenina. Una de las cinco bases que forma parte del ADN y el ARN, contenedores de la informaci\u00f3n gen\u00e9tica de los seres vivos y esencial para la vida. <\/p>\n<\/div>\n<\/div>\n<\/div>\n<\/div>\n<\/div>\n<\/div>\n<\/div><\/div><\/div><!-- Start of Story Repeater Content --><div id=\"twae-article-66db7a7\" class=\"twae-repeater-item twae-story swiper-slide twae-story-no-icon\"><!-- Story Label --><div class=\"twae-labels\"><div class=\"twae-label-big twae-label-big twae-label-big twae-label-big twae-label-big twae-label-big twae-label-big twae-label-big twae-label-big twae-label-big twae-label-big\">1961<\/div><\/div><!-- Story Icon Dot --><div class=\"twae-icondot\"><\/div><!-- Story Arrow --><div class=\"twae-arrow\"><\/div><!-- Start of Story Content --><div class=\"twae-content\"><!-- Story Description --><div class=\"twae-description twae-description twae-description twae-description twae-description twae-description twae-description twae-description twae-description twae-description twae-description\"><div class=\"cd-timeline-block octubre 06 1947 announcement-no-image announcement-250\">\n<div class=\"cd-timeline-content bounce-in\">\n<div class=\"the-excerpt\">\n<div class=\"cd-timeline-block octubre 06 1951 announcement-no-image announcement-252\">\n<div class=\"cd-timeline-content bounce-in\">\n<div class=\"the-excerpt\">\n<p>Propone que la colisi\u00f3n de los cometas a la tierra podr\u00eda haber contribuido a aumentar los compuestos de carbono y as\u00ed favorecer el origen de la vida.<\/p>\n<\/div>\n<\/div>\n<\/div>\n<\/div>\n<\/div>\n<\/div>\n<\/div><\/div><\/div><!-- Start of Story Repeater Content --><div id=\"twae-article-35a9ff9\" class=\"twae-repeater-item twae-story swiper-slide twae-story-no-icon\"><!-- Story Label --><div class=\"twae-labels\"><div class=\"twae-label-big twae-label-big twae-label-big twae-label-big twae-label-big twae-label-big twae-label-big twae-label-big twae-label-big twae-label-big twae-label-big twae-label-big\">1962<\/div><\/div><!-- Story Icon Dot --><div class=\"twae-icondot\"><\/div><!-- Story Arrow --><div class=\"twae-arrow\"><\/div><!-- Start of Story Content --><div class=\"twae-content\"><!-- Story Description --><div class=\"twae-description twae-description twae-description twae-description twae-description twae-description twae-description twae-description twae-description twae-description twae-description twae-description\"><div class=\"cd-timeline-block octubre 06 1947 announcement-no-image announcement-250\">\n<div class=\"cd-timeline-content bounce-in\">\n<div class=\"the-excerpt\">\n<div class=\"cd-timeline-block octubre 06 1951 announcement-no-image announcement-252\">\n<div class=\"cd-timeline-content bounce-in\">\n<div class=\"the-excerpt\">\n<p>Trabaja en el proyecto Apolo de la NASA, donde desarroll\u00f3 el equipo para el an\u00e1lisis qu\u00edmico de muestras lunares, tan in situ como en el laboratorio, cuando las muestras llegaron.<\/p>\n<\/div>\n<\/div>\n<\/div>\n<\/div>\n<\/div>\n<\/div>\n<\/div><\/div><\/div><!-- Start of Story Repeater Content --><div id=\"twae-article-1fd2196\" class=\"twae-repeater-item twae-story swiper-slide twae-story-no-icon\"><!-- Story Label --><div class=\"twae-labels\"><div class=\"twae-label-big twae-label-big twae-label-big twae-label-big twae-label-big twae-label-big twae-label-big twae-label-big twae-label-big twae-label-big twae-label-big twae-label-big twae-label-big\">1964<\/div><\/div><!-- Story Icon Dot --><div class=\"twae-icondot\"><\/div><!-- Story Arrow --><div class=\"twae-arrow\"><\/div><!-- Start of Story Content --><div class=\"twae-content\"><!-- Story Description --><div class=\"twae-description twae-description twae-description twae-description twae-description twae-description twae-description twae-description twae-description twae-description twae-description twae-description twae-description\"><div class=\"cd-timeline-block octubre 06 1947 announcement-no-image announcement-250\">\n<div class=\"cd-timeline-content bounce-in\">\n<div class=\"the-excerpt\">\n<div class=\"cd-timeline-block octubre 06 1951 announcement-no-image announcement-252\">\n<div class=\"cd-timeline-content bounce-in\">\n<div class=\"the-excerpt\">\n<p>Particip\u00f3 en el proyecto Vikingo de la NASA, donde desarroll\u00f3 la instrumentaci\u00f3n por el an\u00e1lisis de la atm\u00f3sfera del planeta Marte.<\/p>\n<\/div>\n<\/div>\n<\/div>\n<\/div>\n<\/div>\n<\/div>\n<\/div><\/div><\/div><!-- Start of Story Repeater Content --><div id=\"twae-article-b34b789\" class=\"twae-repeater-item twae-story swiper-slide twae-story-no-icon\"><!-- Story Label --><div class=\"twae-labels\"><div class=\"twae-label-big twae-label-big twae-label-big twae-label-big twae-label-big twae-label-big twae-label-big twae-label-big twae-label-big twae-label-big twae-label-big twae-label-big twae-label-big twae-label-big\">1993<\/div><\/div><!-- Story Icon Dot --><div class=\"twae-icondot\"><\/div><!-- Story Arrow --><div class=\"twae-arrow\"><\/div><!-- Start of Story Content --><div class=\"twae-content\"><!-- Story Description --><div class=\"twae-description twae-description twae-description twae-description twae-description twae-description twae-description twae-description twae-description twae-description twae-description twae-description twae-description twae-description\"><div class=\"cd-timeline-block octubre 06 1947 announcement-no-image announcement-250\">\n<div class=\"cd-timeline-content bounce-in\">\n<div class=\"the-excerpt\">\n<div class=\"cd-timeline-block octubre 06 1951 announcement-no-image announcement-252\">\n<div class=\"cd-timeline-content bounce-in\">\n<div class=\"the-excerpt\">\n<p>Crea la Fundaci\u00f3n Joan Or\u00f3 en Lleida.<\/p>\n<\/div>\n<\/div>\n<\/div>\n<\/div>\n<\/div>\n<\/div>\n<\/div><\/div><\/div><!-- Start of Story Repeater Content --><div id=\"twae-article-69402c1\" class=\"twae-repeater-item twae-story swiper-slide twae-story-no-icon\"><!-- Story Label --><div class=\"twae-labels\"><div class=\"twae-label-big twae-label-big twae-label-big twae-label-big twae-label-big twae-label-big twae-label-big twae-label-big twae-label-big twae-label-big twae-label-big twae-label-big twae-label-big twae-label-big twae-label-big\">1994<\/div><\/div><!-- Story Icon Dot --><div class=\"twae-icondot\"><\/div><!-- Story Arrow --><div class=\"twae-arrow\"><\/div><!-- Start of Story Content --><div class=\"twae-content\"><!-- Story Description --><div class=\"twae-description twae-description twae-description twae-description twae-description twae-description twae-description twae-description twae-description twae-description twae-description twae-description twae-description twae-description twae-description\"><div class=\"cd-timeline-block octubre 06 1947 announcement-no-image announcement-250\">\n<div class=\"cd-timeline-content bounce-in\">\n<div class=\"the-excerpt\">\n<div class=\"cd-timeline-block octubre 06 1951 announcement-no-image announcement-252\">\n<div class=\"cd-timeline-content bounce-in\">\n<div class=\"the-excerpt\">\n<p>Se jubila y devuelve en Barcelona. Impuls\u00f3 la creaci\u00f3n del Parque Astron\u00f3mico del Montsec en \u00c0ger. <\/p>\n<\/div>\n<\/div>\n<\/div>\n<\/div>\n<\/div>\n<\/div>\n<\/div><\/div><\/div><!-- Start of Story Repeater Content --><div id=\"twae-article-a4c8ea0\" class=\"twae-repeater-item twae-story swiper-slide twae-story-no-icon\"><!-- Story Label --><div class=\"twae-labels\"><div class=\"twae-label-big twae-label-big twae-label-big twae-label-big twae-label-big twae-label-big twae-label-big twae-label-big twae-label-big twae-label-big twae-label-big twae-label-big twae-label-big twae-label-big twae-label-big twae-label-big\">2004<\/div><\/div><!-- Story Icon Dot --><div class=\"twae-icondot\"><\/div><!-- Story Arrow --><div class=\"twae-arrow\"><\/div><!-- Start of Story Content --><div class=\"twae-content\"><!-- Story Description --><div class=\"twae-description twae-description twae-description twae-description twae-description twae-description twae-description twae-description twae-description twae-description twae-description twae-description twae-description twae-description twae-description twae-description\"><div class=\"cd-timeline-block octubre 06 1947 announcement-no-image announcement-250\">\n<div class=\"cd-timeline-content bounce-in\">\n<div class=\"the-excerpt\">\n<div class=\"cd-timeline-block octubre 06 1951 announcement-no-image announcement-252\">\n<div class=\"cd-timeline-content bounce-in\">\n<div class=\"the-excerpt\">\n<p>Muere en Barcelona el 2 de septiembre.<\/p>\n<\/div>\n<\/div>\n<\/div>\n<\/div>\n<\/div>\n<\/div>\n<\/div><\/div><\/div><\/div><\/div><\/div> <!-- Add Arrows -->\n       <div class=\"twae-button-prev\"><i class=\"fas fa-chevron-left\"><\/i><\/div>\n       <div class=\"twae-button-next\"><i class=\"fas fa-chevron-right\"><\/i><\/div>\n       <div class=\"twae-h-line\"><\/div>\n       <div class=\"twae-line-fill\"><\/div>\n    <\/div><style type=\"text\/css\">@media (max-width: 1024px){ .twae-wrapper{--tw-ybx-size: 75px !important;}}@media (max-width: 767px){ .twae-wrapper{--tw-ybx-size: 75px !important}}<\/style>\t\t\t\t<\/div>\n\t\t\t\t<\/div>\n\t\t\t\t\t<\/div>\n\t\t<\/div>\n\t\t\t\t\t<\/div>\n\t\t<\/section>\n\t\t\t\t<section class=\"elementor-section elementor-top-section elementor-element elementor-element-d18d6da elementor-section-full_width elementor-section-height-default elementor-section-height-default\" data-id=\"d18d6da\" data-element_type=\"section\" id=\"llegat\">\n\t\t\t\t\t\t\t<div class=\"elementor-background-overlay\"><\/div>\n\t\t\t\t\t\t\t<div class=\"elementor-container elementor-column-gap-wider\">\n\t\t\t\t\t<div class=\"elementor-column elementor-col-50 elementor-top-column elementor-element elementor-element-33b4291\" data-id=\"33b4291\" data-element_type=\"column\" data-settings=\"{&quot;background_background&quot;:&quot;classic&quot;}\">\n\t\t\t<div class=\"elementor-widget-wrap elementor-element-populated\">\n\t\t\t\t\t<div class=\"elementor-background-overlay\"><\/div>\n\t\t\t\t\t\t<section class=\"elementor-section elementor-inner-section elementor-element elementor-element-0b3ef9d elementor-section-boxed elementor-section-height-default elementor-section-height-default\" data-id=\"0b3ef9d\" data-element_type=\"section\" data-settings=\"{&quot;sticky_on&quot;:[&quot;desktop&quot;,&quot;tablet&quot;],&quot;sticky_offset&quot;:55,&quot;sticky_parent&quot;:&quot;yes&quot;,&quot;sticky&quot;:&quot;top&quot;,&quot;sticky_effects_offset&quot;:0,&quot;sticky_anchor_link_offset&quot;:0}\">\n\t\t\t\t\t\t<div class=\"elementor-container elementor-column-gap-default\">\n\t\t\t\t\t<div class=\"elementor-column elementor-col-50 elementor-inner-column elementor-element elementor-element-2613f83 elementor-hidden-mobile\" data-id=\"2613f83\" data-element_type=\"column\">\n\t\t\t<div class=\"elementor-widget-wrap elementor-element-populated\">\n\t\t\t\t\t\t<div class=\"elementor-element elementor-element-6f2e1b8 elementor-widget__width-initial e-transform elementor-hidden-mobile elementor-widget elementor-widget-heading\" data-id=\"6f2e1b8\" data-element_type=\"widget\" data-settings=\"{&quot;_transform_rotateZ_effect&quot;:{&quot;unit&quot;:&quot;px&quot;,&quot;size&quot;:-90,&quot;sizes&quot;:[]},&quot;_transform_rotateZ_effect_tablet&quot;:{&quot;unit&quot;:&quot;deg&quot;,&quot;size&quot;:&quot;&quot;,&quot;sizes&quot;:[]},&quot;_transform_rotateZ_effect_mobile&quot;:{&quot;unit&quot;:&quot;deg&quot;,&quot;size&quot;:&quot;&quot;,&quot;sizes&quot;:[]}}\" data-widget_type=\"heading.default\">\n\t\t\t\t<div class=\"elementor-widget-container\">\n\t\t\t\t\t<h3 class=\"elementor-heading-title elementor-size-default\">Legado<\/h3>\t\t\t\t<\/div>\n\t\t\t\t<\/div>\n\t\t\t\t\t<\/div>\n\t\t<\/div>\n\t\t\t\t<div class=\"elementor-column elementor-col-50 elementor-inner-column elementor-element elementor-element-cb92213\" data-id=\"cb92213\" data-element_type=\"column\">\n\t\t\t<div class=\"elementor-widget-wrap elementor-element-populated\">\n\t\t\t\t\t\t<div class=\"elementor-element elementor-element-241cdb3 animated-fast elementor-invisible elementor-widget elementor-widget-heading\" data-id=\"241cdb3\" data-element_type=\"widget\" data-settings=\"{&quot;_animation&quot;:&quot;fadeInUp&quot;}\" data-widget_type=\"heading.default\">\n\t\t\t\t<div class=\"elementor-widget-container\">\n\t\t\t\t\t<h2 class=\"elementor-heading-title elementor-size-default\">El legado del cient\u00edfico Joan Or\u00f3<\/h2>\t\t\t\t<\/div>\n\t\t\t\t<\/div>\n\t\t\t\t<div class=\"elementor-element elementor-element-0014f1d elementor-invisible elementor-widget elementor-widget-text-editor\" data-id=\"0014f1d\" data-element_type=\"widget\" data-settings=\"{&quot;_animation&quot;:&quot;fadeIn&quot;}\" data-widget_type=\"text-editor.default\">\n\t\t\t\t<div class=\"elementor-widget-container\">\n\t\t\t\t\t\t\t\t\t<div class=\"et_pb_module et_pb_text et_pb_text_1 et_pb_text_align_center et_pb_bg_layout_light\">\n<div class=\"et_pb_text_inner\">\n<p>Corresponde a la disciplina de Bioqu\u00edmica, fue uno de los cient\u00edficos m\u00e1s importantes en el estudio del origen de la vida, y fue el primero en sintetizar la adenina en un laboratorio, adem\u00e1s de participar en varios proyectos espaciales en la NASA.<\/p>\n<\/div>\n<\/div>\n<div class=\"et_pb_module et_pb_text et_pb_text_2 et_pb_text_align_left et_pb_bg_layout_light\">\n<div class=\"et_pb_text_inner\"> <\/div>\n<\/div>\n\t\t\t\t\t\t\t\t<\/div>\n\t\t\t\t<\/div>\n\t\t\t\t<div class=\"elementor-element elementor-element-97aa2de elementor-widget__width-auto e-transform elementor-hidden-desktop elementor-hidden-tablet elementor-widget elementor-widget-heading\" data-id=\"97aa2de\" data-element_type=\"widget\" data-settings=\"{&quot;_transform_rotateZ_effect&quot;:{&quot;unit&quot;:&quot;px&quot;,&quot;size&quot;:-90,&quot;sizes&quot;:[]},&quot;_transform_rotateZ_effect_tablet&quot;:{&quot;unit&quot;:&quot;deg&quot;,&quot;size&quot;:&quot;&quot;,&quot;sizes&quot;:[]},&quot;_transform_rotateZ_effect_mobile&quot;:{&quot;unit&quot;:&quot;deg&quot;,&quot;size&quot;:&quot;&quot;,&quot;sizes&quot;:[]}}\" data-widget_type=\"heading.default\">\n\t\t\t\t<div class=\"elementor-widget-container\">\n\t\t\t\t\t<h3 class=\"elementor-heading-title elementor-size-default\">Legado<\/h3>\t\t\t\t<\/div>\n\t\t\t\t<\/div>\n\t\t\t\t<div class=\"elementor-element elementor-element-94039ac elementor-widget-mobile__width-auto elementor-hidden-desktop elementor-hidden-tablet elementor-widget-divider--view-line elementor-widget elementor-widget-divider\" data-id=\"94039ac\" data-element_type=\"widget\" data-widget_type=\"divider.default\">\n\t\t\t\t<div class=\"elementor-widget-container\">\n\t\t\t\t\t\t\t<div class=\"elementor-divider\">\n\t\t\t<span class=\"elementor-divider-separator\">\n\t\t\t\t\t\t<\/span>\n\t\t<\/div>\n\t\t\t\t\t\t<\/div>\n\t\t\t\t<\/div>\n\t\t\t\t\t<\/div>\n\t\t<\/div>\n\t\t\t\t\t<\/div>\n\t\t<\/section>\n\t\t\t\t\t<\/div>\n\t\t<\/div>\n\t\t\t\t<div class=\"elementor-column elementor-col-50 elementor-top-column elementor-element elementor-element-857a530\" data-id=\"857a530\" data-element_type=\"column\" data-settings=\"{&quot;background_background&quot;:&quot;classic&quot;}\">\n\t\t\t<div class=\"elementor-widget-wrap elementor-element-populated\">\n\t\t\t\t\t\t<section class=\"elementor-section elementor-inner-section elementor-element elementor-element-a11d7f6 elementor-section-boxed elementor-section-height-default elementor-section-height-default\" data-id=\"a11d7f6\" data-element_type=\"section\">\n\t\t\t\t\t\t<div class=\"elementor-container elementor-column-gap-default\">\n\t\t\t\t\t<div class=\"elementor-column elementor-col-100 elementor-inner-column elementor-element elementor-element-cb8457d\" data-id=\"cb8457d\" data-element_type=\"column\">\n\t\t\t<div class=\"elementor-widget-wrap elementor-element-populated\">\n\t\t\t\t\t\t<div class=\"elementor-element elementor-element-1121f0f elementor-invisible elementor-widget elementor-widget-text-editor\" data-id=\"1121f0f\" data-element_type=\"widget\" data-settings=\"{&quot;_animation&quot;:&quot;fadeIn&quot;}\" data-widget_type=\"text-editor.default\">\n\t\t\t\t<div class=\"elementor-widget-container\">\n\t\t\t\t\t\t\t\t\t<p>El legado del cient\u00edfico Joan Or\u00f3 corresponde a la disciplina de Bioqu\u00edmica, fue uno de los cient\u00edficos m\u00e1s importantes en el estudio del origen de la vida, y fue el primero en sintetizar la adenina en un laboratorio, adem\u00e1s de participar en varios proyectos espaciales en la NASA.<\/p>\n<p>El Dr. Joan Or\u00f3 desarroll\u00f3 la mayor parte de su carrera como cient\u00edfico en los Estados Unidos, como profesor en la Universidad de Houston y colaborando con la NASA, pero siempre ha mantenido el esp\u00edritu catal\u00e1n. Por este motivo la Fundaci\u00f3n Joan Or\u00f3 ha decidido recuperar todo su legado y poder hacer estudios que nos permitan un aprovechamiento de sus conocimientos. <\/p>\n<p>El legado fue trasladado desde Houston en Abril de 1999 y est\u00e1 albergado en las nuevas instalaciones de la Fundaci\u00f3n Joan Or\u00f3 en el Parque de Gardeny (Lleida).<\/p>\n\t\t\t\t\t\t\t\t<\/div>\n\t\t\t\t<\/div>\n\t\t\t\t<div class=\"elementor-element elementor-element-6963693 elementor-widget-divider--view-line elementor-widget elementor-widget-divider\" data-id=\"6963693\" data-element_type=\"widget\" data-widget_type=\"divider.default\">\n\t\t\t\t<div class=\"elementor-widget-container\">\n\t\t\t\t\t\t\t<div class=\"elementor-divider\">\n\t\t\t<span class=\"elementor-divider-separator\">\n\t\t\t\t\t\t<\/span>\n\t\t<\/div>\n\t\t\t\t\t\t<\/div>\n\t\t\t\t<\/div>\n\t\t\t\t<div class=\"elementor-element elementor-element-d2d90d1 elementor-invisible elementor-widget elementor-widget-text-editor\" data-id=\"d2d90d1\" data-element_type=\"widget\" data-settings=\"{&quot;_animation&quot;:&quot;fadeIn&quot;}\" data-widget_type=\"text-editor.default\">\n\t\t\t\t<div class=\"elementor-widget-container\">\n\t\t\t\t\t\t\t\t\t<h4>Publicaciones cient\u00edficas:<\/h4>\n<p>Un total de 20 libros donde est\u00e1 el autor o coautor.<br \/>Un total de 240 art\u00edculos donde est\u00e1 el autor o coautor.<br \/>Un total de 155 res\u00famenes cient\u00edficos donde est\u00e1 el autor o coautor.<\/p>\n\t\t\t\t\t\t\t\t<\/div>\n\t\t\t\t<\/div>\n\t\t\t\t<div class=\"elementor-element elementor-element-1a9c7ca elementor-widget-divider--view-line elementor-widget elementor-widget-divider\" data-id=\"1a9c7ca\" data-element_type=\"widget\" data-widget_type=\"divider.default\">\n\t\t\t\t<div class=\"elementor-widget-container\">\n\t\t\t\t\t\t\t<div class=\"elementor-divider\">\n\t\t\t<span class=\"elementor-divider-separator\">\n\t\t\t\t\t\t<\/span>\n\t\t<\/div>\n\t\t\t\t\t\t<\/div>\n\t\t\t\t<\/div>\n\t\t\t\t<div class=\"elementor-element elementor-element-48d97ae elementor-invisible elementor-widget elementor-widget-text-editor\" data-id=\"48d97ae\" data-element_type=\"widget\" data-settings=\"{&quot;_animation&quot;:&quot;fadeIn&quot;}\" data-widget_type=\"text-editor.default\">\n\t\t\t\t<div class=\"elementor-widget-container\">\n\t\t\t\t\t\t\t\t\t<h4>Tesis y disertaciones:<\/h4>\n<p>Un total de 48 tesis y disertaciones de trabajos de investigaci\u00f3n de un nombre de cient\u00edficos que trabajaron en su laboratorio, algunas de ellas consiguiendo premios internacionales.<\/p>\n\t\t\t\t\t\t\t\t<\/div>\n\t\t\t\t<\/div>\n\t\t\t\t<div class=\"elementor-element elementor-element-98bcd16 elementor-widget-divider--view-line elementor-widget elementor-widget-divider\" data-id=\"98bcd16\" data-element_type=\"widget\" data-widget_type=\"divider.default\">\n\t\t\t\t<div class=\"elementor-widget-container\">\n\t\t\t\t\t\t\t<div class=\"elementor-divider\">\n\t\t\t<span class=\"elementor-divider-separator\">\n\t\t\t\t\t\t<\/span>\n\t\t<\/div>\n\t\t\t\t\t\t<\/div>\n\t\t\t\t<\/div>\n\t\t\t\t<div class=\"elementor-element elementor-element-e1c6398 elementor-invisible elementor-widget elementor-widget-text-editor\" data-id=\"e1c6398\" data-element_type=\"widget\" data-settings=\"{&quot;_animation&quot;:&quot;fadeIn&quot;}\" data-widget_type=\"text-editor.default\">\n\t\t\t\t<div class=\"elementor-widget-container\">\n\t\t\t\t\t\t\t\t\t<h4>Archivos:<\/h4>\n<p>Archivos relacionados con sus actividades cient\u00edficas realizadas por la NASA, principalmente a la participaci\u00f3n en los proyectos Apolo y Viking, y con comit\u00e9s asesores de la NASA en los que ha asesorado proyectos espaciales. Consta de miles de p\u00e1ginas ordenadas en carpetas. <\/p>\n<p>Archivos relacionados con sus estudios cient\u00edficos en laboratorio en la Universidad de Houston donde cre\u00f3 el departamento. Se tratar\u00eda de miles de p\u00e1ginas. <\/p>\n\t\t\t\t\t\t\t\t<\/div>\n\t\t\t\t<\/div>\n\t\t\t\t<div class=\"elementor-element elementor-element-c9208b1 elementor-widget-divider--view-line elementor-widget elementor-widget-divider\" data-id=\"c9208b1\" data-element_type=\"widget\" data-widget_type=\"divider.default\">\n\t\t\t\t<div class=\"elementor-widget-container\">\n\t\t\t\t\t\t\t<div class=\"elementor-divider\">\n\t\t\t<span class=\"elementor-divider-separator\">\n\t\t\t\t\t\t<\/span>\n\t\t<\/div>\n\t\t\t\t\t\t<\/div>\n\t\t\t\t<\/div>\n\t\t\t\t<div class=\"elementor-element elementor-element-ea95966 elementor-invisible elementor-widget elementor-widget-text-editor\" data-id=\"ea95966\" data-element_type=\"widget\" data-settings=\"{&quot;_animation&quot;:&quot;fadeIn&quot;}\" data-widget_type=\"text-editor.default\">\n\t\t\t\t<div class=\"elementor-widget-container\">\n\t\t\t\t\t\t\t\t\t<h4>Reuniones cient\u00edficas:<\/h4>\n<p>Material de las m\u00e1s de 30 reuniones cient\u00edficas internacionales que ha organizado.<\/p>\n\t\t\t\t\t\t\t\t<\/div>\n\t\t\t\t<\/div>\n\t\t\t\t<div class=\"elementor-element elementor-element-11e9a32 elementor-widget-divider--view-line elementor-widget elementor-widget-divider\" data-id=\"11e9a32\" data-element_type=\"widget\" data-widget_type=\"divider.default\">\n\t\t\t\t<div class=\"elementor-widget-container\">\n\t\t\t\t\t\t\t<div class=\"elementor-divider\">\n\t\t\t<span class=\"elementor-divider-separator\">\n\t\t\t\t\t\t<\/span>\n\t\t<\/div>\n\t\t\t\t\t\t<\/div>\n\t\t\t\t<\/div>\n\t\t\t\t<div class=\"elementor-element elementor-element-e275b23 elementor-invisible elementor-widget elementor-widget-text-editor\" data-id=\"e275b23\" data-element_type=\"widget\" data-settings=\"{&quot;_animation&quot;:&quot;fadeIn&quot;}\" data-widget_type=\"text-editor.default\">\n\t\t\t\t<div class=\"elementor-widget-container\">\n\t\t\t\t\t\t\t\t\t<h4>Correspondencia:<\/h4>\n<p>Material de correspondencia entre el profesor y muchos otros investigadores sobre proyectos cient\u00edficos.<\/p>\n\t\t\t\t\t\t\t\t<\/div>\n\t\t\t\t<\/div>\n\t\t\t\t<div class=\"elementor-element elementor-element-f7d4036 elementor-widget-divider--view-line elementor-widget elementor-widget-divider\" data-id=\"f7d4036\" data-element_type=\"widget\" data-widget_type=\"divider.default\">\n\t\t\t\t<div class=\"elementor-widget-container\">\n\t\t\t\t\t\t\t<div class=\"elementor-divider\">\n\t\t\t<span class=\"elementor-divider-separator\">\n\t\t\t\t\t\t<\/span>\n\t\t<\/div>\n\t\t\t\t\t\t<\/div>\n\t\t\t\t<\/div>\n\t\t\t\t<div class=\"elementor-element elementor-element-253504c elementor-invisible elementor-widget elementor-widget-text-editor\" data-id=\"253504c\" data-element_type=\"widget\" data-settings=\"{&quot;_animation&quot;:&quot;fadeIn&quot;}\" data-widget_type=\"text-editor.default\">\n\t\t\t\t<div class=\"elementor-widget-container\">\n\t\t\t\t\t\t\t\t\t<h4>Material audiovisual:<\/h4>\n<p>Fotografies, diapositives i altre material audiovisual.<\/p>\n\t\t\t\t\t\t\t\t<\/div>\n\t\t\t\t<\/div>\n\t\t\t\t<div class=\"elementor-element elementor-element-d0a921e elementor-widget-divider--view-line elementor-widget elementor-widget-divider\" data-id=\"d0a921e\" data-element_type=\"widget\" data-widget_type=\"divider.default\">\n\t\t\t\t<div class=\"elementor-widget-container\">\n\t\t\t\t\t\t\t<div class=\"elementor-divider\">\n\t\t\t<span class=\"elementor-divider-separator\">\n\t\t\t\t\t\t<\/span>\n\t\t<\/div>\n\t\t\t\t\t\t<\/div>\n\t\t\t\t<\/div>\n\t\t\t\t<div class=\"elementor-element elementor-element-9a40b5f elementor-invisible elementor-widget elementor-widget-text-editor\" data-id=\"9a40b5f\" data-element_type=\"widget\" data-settings=\"{&quot;_animation&quot;:&quot;fadeIn&quot;}\" data-widget_type=\"text-editor.default\">\n\t\t\t\t<div class=\"elementor-widget-container\">\n\t\t\t\t\t\t\t\t\t<h4>Muestras:<\/h4>\n<p>Muestras b\u00e1sicamente de meteoritos extraterrestres de antig\u00fcedad calculada en m\u00e1s de 4.500 millones de a\u00f1os. As\u00ed como otras muestras terrestres. <\/p>\n\t\t\t\t\t\t\t\t<\/div>\n\t\t\t\t<\/div>\n\t\t\t\t<div class=\"elementor-element elementor-element-ef04248 elementor-widget-divider--view-line elementor-widget elementor-widget-divider\" data-id=\"ef04248\" data-element_type=\"widget\" data-widget_type=\"divider.default\">\n\t\t\t\t<div class=\"elementor-widget-container\">\n\t\t\t\t\t\t\t<div class=\"elementor-divider\">\n\t\t\t<span class=\"elementor-divider-separator\">\n\t\t\t\t\t\t<\/span>\n\t\t<\/div>\n\t\t\t\t\t\t<\/div>\n\t\t\t\t<\/div>\n\t\t\t\t<div class=\"elementor-element elementor-element-cf77b9d elementor-invisible elementor-widget elementor-widget-text-editor\" data-id=\"cf77b9d\" data-element_type=\"widget\" data-settings=\"{&quot;_animation&quot;:&quot;fadeIn&quot;}\" data-widget_type=\"text-editor.default\">\n\t\t\t\t<div class=\"elementor-widget-container\">\n\t\t\t\t\t\t\t\t\t<h4>Modelo de la luna:<\/h4>\n<p>Tiene cedido por la NASA, el modelo de la luna que los astronautas del Apolo (del 11 a la 17) utilizaron antes de ir. Es aproximadamente de 2 m de di\u00e1metro. <\/p>\n\t\t\t\t\t\t\t\t<\/div>\n\t\t\t\t<\/div>\n\t\t\t\t<div class=\"elementor-element elementor-element-b8cac17 elementor-widget-divider--view-line elementor-widget elementor-widget-divider\" data-id=\"b8cac17\" data-element_type=\"widget\" data-widget_type=\"divider.default\">\n\t\t\t\t<div class=\"elementor-widget-container\">\n\t\t\t\t\t\t\t<div class=\"elementor-divider\">\n\t\t\t<span class=\"elementor-divider-separator\">\n\t\t\t\t\t\t<\/span>\n\t\t<\/div>\n\t\t\t\t\t\t<\/div>\n\t\t\t\t<\/div>\n\t\t\t\t<div class=\"elementor-element elementor-element-e0b7c5c elementor-invisible elementor-widget elementor-widget-text-editor\" data-id=\"e0b7c5c\" data-element_type=\"widget\" data-settings=\"{&quot;_animation&quot;:&quot;fadeIn&quot;}\" data-widget_type=\"text-editor.default\">\n\t\t\t\t<div class=\"elementor-widget-container\">\n\t\t\t\t\t\t\t\t\t<h4>Libros:<\/h4>\n<p>Aproximadamente, tiene una biblioteca de unos 3.000 vol\u00famenes de libros y monograf\u00edas.<\/p>\n\t\t\t\t\t\t\t\t<\/div>\n\t\t\t\t<\/div>\n\t\t\t\t\t<\/div>\n\t\t<\/div>\n\t\t\t\t\t<\/div>\n\t\t<\/section>\n\t\t\t\t\t<\/div>\n\t\t<\/div>\n\t\t\t\t\t<\/div>\n\t\t<\/section>\n\t\t\t\t<\/div>\n\t\t","protected":false},"excerpt":{"rendered":"<p>Uno de los cient\u00edficos m\u00e1s importantes en el estudio del origen de la vida<\/p>\n","protected":false},"author":1,"featured_media":2236,"parent":0,"menu_order":0,"comment_status":"closed","ping_status":"closed","template":"","meta":{"_acf_changed":false,"footnotes":""},"disposicio":[6,5],"class_list":["post-2298","page","type-page","status-publish","has-post-thumbnail","hentry","disposicio-destacat-home","disposicio-slider-home"],"acf":[],"yoast_head":"<!-- This site is optimized with the Yoast SEO plugin v26.7 - https:\/\/yoast.com\/wordpress\/plugins\/seo\/ -->\n<title>Joan Or\u00f3 Florensa - Joan Oro<\/title>\n<meta name=\"robots\" content=\"index, follow, max-snippet:-1, max-image-preview:large, max-video-preview:-1\" \/>\n<link rel=\"canonical\" href=\"https:\/\/fundaciojoanoro.org\/es\/joan-oro-florensa\/\" \/>\n<meta property=\"og:locale\" content=\"es_ES\" \/>\n<meta property=\"og:type\" content=\"article\" \/>\n<meta property=\"og:title\" content=\"Joan Or\u00f3 Florensa - Joan Oro\" \/>\n<meta property=\"og:description\" content=\"Uno de los cient\u00edficos m\u00e1s importantes en el estudio del origen de la vida\" \/>\n<meta property=\"og:url\" content=\"https:\/\/fundaciojoanoro.org\/es\/joan-oro-florensa\/\" \/>\n<meta property=\"og:site_name\" content=\"Joan Oro\" \/>\n<meta property=\"article:modified_time\" content=\"2025-02-28T08:20:01+00:00\" \/>\n<meta property=\"og:image\" content=\"https:\/\/fundaciojoanoro.org\/wp-content\/uploads\/2023\/05\/1019.jpg\" \/>\n\t<meta property=\"og:image:width\" content=\"1428\" \/>\n\t<meta property=\"og:image:height\" content=\"1080\" \/>\n\t<meta property=\"og:image:type\" content=\"image\/jpeg\" \/>\n<meta name=\"twitter:card\" content=\"summary_large_image\" \/>\n<meta name=\"twitter:label1\" content=\"Tiempo de lectura\" \/>\n\t<meta name=\"twitter:data1\" content=\"5 minutos\" \/>\n<script type=\"application\/ld+json\" class=\"yoast-schema-graph\">{\"@context\":\"https:\/\/schema.org\",\"@graph\":[{\"@type\":\"WebPage\",\"@id\":\"https:\/\/fundaciojoanoro.org\/es\/joan-oro-florensa\/\",\"url\":\"https:\/\/fundaciojoanoro.org\/es\/joan-oro-florensa\/\",\"name\":\"Joan Or\u00f3 Florensa - Joan Oro\",\"isPartOf\":{\"@id\":\"https:\/\/fundaciojoanoro.org\/#website\"},\"primaryImageOfPage\":{\"@id\":\"https:\/\/fundaciojoanoro.org\/es\/joan-oro-florensa\/#primaryimage\"},\"image\":{\"@id\":\"https:\/\/fundaciojoanoro.org\/es\/joan-oro-florensa\/#primaryimage\"},\"thumbnailUrl\":\"https:\/\/fundaciojoanoro.org\/wp-content\/uploads\/2023\/05\/1019.jpg\",\"datePublished\":\"2023-05-12T08:41:35+00:00\",\"dateModified\":\"2025-02-28T08:20:01+00:00\",\"breadcrumb\":{\"@id\":\"https:\/\/fundaciojoanoro.org\/es\/joan-oro-florensa\/#breadcrumb\"},\"inLanguage\":\"es\",\"potentialAction\":[{\"@type\":\"ReadAction\",\"target\":[\"https:\/\/fundaciojoanoro.org\/es\/joan-oro-florensa\/\"]}]},{\"@type\":\"ImageObject\",\"inLanguage\":\"es\",\"@id\":\"https:\/\/fundaciojoanoro.org\/es\/joan-oro-florensa\/#primaryimage\",\"url\":\"https:\/\/fundaciojoanoro.org\/wp-content\/uploads\/2023\/05\/1019.jpg\",\"contentUrl\":\"https:\/\/fundaciojoanoro.org\/wp-content\/uploads\/2023\/05\/1019.jpg\",\"width\":1428,\"height\":1080},{\"@type\":\"BreadcrumbList\",\"@id\":\"https:\/\/fundaciojoanoro.org\/es\/joan-oro-florensa\/#breadcrumb\",\"itemListElement\":[{\"@type\":\"ListItem\",\"position\":1,\"name\":\"Inici\",\"item\":\"https:\/\/fundaciojoanoro.org\/es\/fundacion-joan-oro\/\"},{\"@type\":\"ListItem\",\"position\":2,\"name\":\"Joan Or\u00f3 Florensa\"}]},{\"@type\":\"WebSite\",\"@id\":\"https:\/\/fundaciojoanoro.org\/#website\",\"url\":\"https:\/\/fundaciojoanoro.org\/\",\"name\":\"Joan Oro\",\"description\":\"\",\"publisher\":{\"@id\":\"https:\/\/fundaciojoanoro.org\/#organization\"},\"potentialAction\":[{\"@type\":\"SearchAction\",\"target\":{\"@type\":\"EntryPoint\",\"urlTemplate\":\"https:\/\/fundaciojoanoro.org\/?s={search_term_string}\"},\"query-input\":{\"@type\":\"PropertyValueSpecification\",\"valueRequired\":true,\"valueName\":\"search_term_string\"}}],\"inLanguage\":\"es\"},{\"@type\":\"Organization\",\"@id\":\"https:\/\/fundaciojoanoro.org\/#organization\",\"name\":\"Joan Oro\",\"url\":\"https:\/\/fundaciojoanoro.org\/\",\"logo\":{\"@type\":\"ImageObject\",\"inLanguage\":\"es\",\"@id\":\"https:\/\/fundaciojoanoro.org\/#\/schema\/logo\/image\/\",\"url\":\"https:\/\/fundaciojoanoro.org\/wp-content\/uploads\/2023\/04\/logo.svg\",\"contentUrl\":\"https:\/\/fundaciojoanoro.org\/wp-content\/uploads\/2023\/04\/logo.svg\",\"width\":228,\"height\":106,\"caption\":\"Joan Oro\"},\"image\":{\"@id\":\"https:\/\/fundaciojoanoro.org\/#\/schema\/logo\/image\/\"}}]}<\/script>\n<!-- \/ Yoast SEO plugin. -->","yoast_head_json":{"title":"Joan Or\u00f3 Florensa - Joan Oro","robots":{"index":"index","follow":"follow","max-snippet":"max-snippet:-1","max-image-preview":"max-image-preview:large","max-video-preview":"max-video-preview:-1"},"canonical":"https:\/\/fundaciojoanoro.org\/es\/joan-oro-florensa\/","og_locale":"es_ES","og_type":"article","og_title":"Joan Or\u00f3 Florensa - Joan Oro","og_description":"Uno de los cient\u00edficos m\u00e1s importantes en el estudio del origen de la vida","og_url":"https:\/\/fundaciojoanoro.org\/es\/joan-oro-florensa\/","og_site_name":"Joan Oro","article_modified_time":"2025-02-28T08:20:01+00:00","og_image":[{"width":1428,"height":1080,"url":"https:\/\/fundaciojoanoro.org\/wp-content\/uploads\/2023\/05\/1019.jpg","type":"image\/jpeg"}],"twitter_card":"summary_large_image","twitter_misc":{"Tiempo de lectura":"5 minutos"},"schema":{"@context":"https:\/\/schema.org","@graph":[{"@type":"WebPage","@id":"https:\/\/fundaciojoanoro.org\/es\/joan-oro-florensa\/","url":"https:\/\/fundaciojoanoro.org\/es\/joan-oro-florensa\/","name":"Joan Or\u00f3 Florensa - Joan Oro","isPartOf":{"@id":"https:\/\/fundaciojoanoro.org\/#website"},"primaryImageOfPage":{"@id":"https:\/\/fundaciojoanoro.org\/es\/joan-oro-florensa\/#primaryimage"},"image":{"@id":"https:\/\/fundaciojoanoro.org\/es\/joan-oro-florensa\/#primaryimage"},"thumbnailUrl":"https:\/\/fundaciojoanoro.org\/wp-content\/uploads\/2023\/05\/1019.jpg","datePublished":"2023-05-12T08:41:35+00:00","dateModified":"2025-02-28T08:20:01+00:00","breadcrumb":{"@id":"https:\/\/fundaciojoanoro.org\/es\/joan-oro-florensa\/#breadcrumb"},"inLanguage":"es","potentialAction":[{"@type":"ReadAction","target":["https:\/\/fundaciojoanoro.org\/es\/joan-oro-florensa\/"]}]},{"@type":"ImageObject","inLanguage":"es","@id":"https:\/\/fundaciojoanoro.org\/es\/joan-oro-florensa\/#primaryimage","url":"https:\/\/fundaciojoanoro.org\/wp-content\/uploads\/2023\/05\/1019.jpg","contentUrl":"https:\/\/fundaciojoanoro.org\/wp-content\/uploads\/2023\/05\/1019.jpg","width":1428,"height":1080},{"@type":"BreadcrumbList","@id":"https:\/\/fundaciojoanoro.org\/es\/joan-oro-florensa\/#breadcrumb","itemListElement":[{"@type":"ListItem","position":1,"name":"Inici","item":"https:\/\/fundaciojoanoro.org\/es\/fundacion-joan-oro\/"},{"@type":"ListItem","position":2,"name":"Joan Or\u00f3 Florensa"}]},{"@type":"WebSite","@id":"https:\/\/fundaciojoanoro.org\/#website","url":"https:\/\/fundaciojoanoro.org\/","name":"Joan Oro","description":"","publisher":{"@id":"https:\/\/fundaciojoanoro.org\/#organization"},"potentialAction":[{"@type":"SearchAction","target":{"@type":"EntryPoint","urlTemplate":"https:\/\/fundaciojoanoro.org\/?s={search_term_string}"},"query-input":{"@type":"PropertyValueSpecification","valueRequired":true,"valueName":"search_term_string"}}],"inLanguage":"es"},{"@type":"Organization","@id":"https:\/\/fundaciojoanoro.org\/#organization","name":"Joan Oro","url":"https:\/\/fundaciojoanoro.org\/","logo":{"@type":"ImageObject","inLanguage":"es","@id":"https:\/\/fundaciojoanoro.org\/#\/schema\/logo\/image\/","url":"https:\/\/fundaciojoanoro.org\/wp-content\/uploads\/2023\/04\/logo.svg","contentUrl":"https:\/\/fundaciojoanoro.org\/wp-content\/uploads\/2023\/04\/logo.svg","width":228,"height":106,"caption":"Joan Oro"},"image":{"@id":"https:\/\/fundaciojoanoro.org\/#\/schema\/logo\/image\/"}}]}},"_links":{"self":[{"href":"https:\/\/fundaciojoanoro.org\/es\/wp-json\/wp\/v2\/pages\/2298","targetHints":{"allow":["GET"]}}],"collection":[{"href":"https:\/\/fundaciojoanoro.org\/es\/wp-json\/wp\/v2\/pages"}],"about":[{"href":"https:\/\/fundaciojoanoro.org\/es\/wp-json\/wp\/v2\/types\/page"}],"author":[{"embeddable":true,"href":"https:\/\/fundaciojoanoro.org\/es\/wp-json\/wp\/v2\/users\/1"}],"replies":[{"embeddable":true,"href":"https:\/\/fundaciojoanoro.org\/es\/wp-json\/wp\/v2\/comments?post=2298"}],"version-history":[{"count":1,"href":"https:\/\/fundaciojoanoro.org\/es\/wp-json\/wp\/v2\/pages\/2298\/revisions"}],"predecessor-version":[{"id":2299,"href":"https:\/\/fundaciojoanoro.org\/es\/wp-json\/wp\/v2\/pages\/2298\/revisions\/2299"}],"wp:featuredmedia":[{"embeddable":true,"href":"https:\/\/fundaciojoanoro.org\/es\/wp-json\/wp\/v2\/media\/2236"}],"wp:attachment":[{"href":"https:\/\/fundaciojoanoro.org\/es\/wp-json\/wp\/v2\/media?parent=2298"}],"wp:term":[{"taxonomy":"disposicio","embeddable":true,"href":"https:\/\/fundaciojoanoro.org\/es\/wp-json\/wp\/v2\/disposicio?post=2298"}],"curies":[{"name":"wp","href":"https:\/\/api.w.org\/{rel}","templated":true}]}}